{"id":61577,"date":"2022-09-21T13:25:01","date_gmt":"2022-09-21T10:25:01","guid":{"rendered":"https:\/\/www.pelastusopisto.fi\/examens\/underbefalsexamen\/alipaallysto\/"},"modified":"2024-02-23T10:11:52","modified_gmt":"2024-02-23T08:11:52","slug":"underbefal","status":"publish","type":"page","link":"https:\/\/www.pelastusopisto.fi\/sv\/examens\/underbefalsexamen\/underbefal\/","title":{"rendered":"Yrkesbeskrivning, underbef\u00e4lsexamen"},"content":{"rendered":"\n<section id=\"gm3c4a0c7\" class=\"wp-block-gutentor-m3 alignfull section-gm3c4a0c7 gutentor-module gutentor-container-cover has-image-bg has-custom-bg g-valign-b-mobile g-valign-b-tablet g-valign-b-desktop inner-banner-section\"><div class=\"grid-container gutentor-rm-ct-space-d gutentor-rm-ct-space-t gutentor-rm-ct-space\">\n<section id=\"gm860801c\" class=\"wp-block-gutentor-m4 alignfull section-gm860801c gutentor-module gutentor-advanced-columns has-color-bg has-custom-bg headercolumn\"><div class=\"grid-container\"><div class=\"grid-row\">\n<div id=\"col-gmd9d762\" class=\"wp-block-gutentor-m4-col col-gmd9d762 gutentor-single-column  grid-lg-12 grid-md-12 grid-12\"><div id=\"section-gmd9d762\" class=\"section-gmd9d762 gutentor-col-wrap\">\n<div id=\"section-g520f81\" class=\"wp-block-gutentor-e1 section-g520f81 gutentor-element gutentor-element-advanced-text gutentor-adv-text-enabled-width header\"><div class=\"gutentor-text-wrap\"><h1 class=\"gutentor-text\">Yrkesbeskrivning<\/h1><\/div><\/div>\n<\/div><\/div>\n<\/div><\/div><\/section>\n<\/div><\/section>\n\n\n\n<section id=\"gma7565bd\" class=\"wp-block-gutentor-m3 alignfull section-gma7565bd gutentor-module gutentor-container-cover\"><div class=\"grid-container gutentor-rm-ct-space-d gutentor-rm-ct-space-t gutentor-rm-ct-space\">\n<section id=\"gmac994db\" class=\"wp-block-gutentor-m4 section-gmac994db gutentor-module gutentor-advanced-columns\"><div class=\"grid-container\"><div class=\"grid-row\">\n<div id=\"col-gm6938f5\" class=\"wp-block-gutentor-m4-col col-gm6938f5 gutentor-single-column  grid-lg-12 grid-md-12 grid-12\"><div id=\"section-gm6938f5\" class=\"section-gm6938f5 gutentor-col-wrap\">\n<section id=\"g9275a3\" class=\"wp-block-gutentor-m9 section-g9275a3 gutentor-module gutentor-module-form-wrapper\"><div class=\"grid-container gutentor-rm-ct-space-d gutentor-rm-ct-space-t gutentor-rm-ct-space\">\n<div class=\"breadcrumb_section\"><ul id=\"breadcrumbs\" class=\"breadcrumbs\"><li class=\"item-home\"><a class=\"bread-link bread-home\" href=\"https:\/\/www.pelastusopisto.fi\/sv\/\"\n                title=\"Framsida\">Framsida<\/a><\/li><li class=\"separator separator-home\">  <\/li><\/ul><\/div>\n<\/div><\/section>\n\n\n\n<div id=\"section-g63e1c7\" class=\"wp-block-gutentor-e0 section-g63e1c7 gutentor-element gutentor-element-advanced-text\"><div class=\"gutentor-text-wrap\"><p class=\"gutentor-text\">En brandf\u00f6rman som arbetar i underbef\u00e4lsuppgifter vid r\u00e4ddningsverket \u00e4r chef f\u00f6r sitt arbetsskift, ledare f\u00f6r r\u00e4ddningsverksamheten, planerare av och utbildare vid utbildnings\u00f6vningar, brandinspekt\u00f6r samt upplysare och s\u00e4kerhetsutbildare. Brandf\u00f6rmannen leder stationstj\u00e4nsten under sitt arbetsskift samt ansvarar f\u00f6r planeringen och ordnandet av stationsf\u00f6rvaltningen. Brandf\u00f6rmannen kan ocks\u00e5 vara chef f\u00f6r en liten brandstation eller ha ansvarsfulla expertuppgifter vid r\u00e4ddningsverket.<\/p><\/div><\/div>\n<\/div><\/div>\n<\/div><\/div><\/section>\n<\/div><\/section>\n\n\n\n<section id=\"gmee2f484\" class=\"wp-block-gutentor-m3 alignfull section-gmee2f484 gutentor-module gutentor-container-cover has-color-bg has-custom-bg section_content_image teksti-ja-kuva\"><div class=\"grid-container\">\n<section id=\"gm15b86c2\" class=\"wp-block-gutentor-m4 alignfull section-gm15b86c2 gutentor-module gutentor-advanced-columns\"><div class=\"grid-container\"><div class=\"grid-row\">\n<div id=\"col-gm34a872\" class=\"wp-block-gutentor-m4-col col-gm34a872 gutentor-single-column  grid-lg-6 grid-md-6 grid-12 content_left_side\"><div id=\"section-gm34a872\" class=\"section-gm34a872 gutentor-col-wrap\">\n<div id=\"section-g7c7884\" class=\"wp-block-gutentor-e1 section-g7c7884 gutentor-element gutentor-element-advanced-text\"><div class=\"gutentor-text-wrap\"><h2 class=\"gutentor-text\">Underbef\u00e4lets uppgift<\/h2><\/div><\/div>\n\n\n\n<div id=\"section-g18d441\" class=\"wp-block-gutentor-e1 section-g18d441 gutentor-element gutentor-element-advanced-text\"><div class=\"gutentor-text-wrap\"><p class=\"gutentor-text\">Inom r\u00e4ddningsverksamheten leder brandf\u00f6rmannen r\u00e4ddningsenheten men \u00e4ven st\u00f6rre formationer tills den jourhavande bef\u00e4lstj\u00e4nsteinnehavaren anl\u00e4nder till objektet och tar ledningsansvaret.<\/p><\/div><\/div>\n<\/div><\/div>\n\n\n\n<div id=\"col-gm1601fe\" class=\"wp-block-gutentor-m4-col col-gm1601fe gutentor-single-column  grid-lg-6 grid-md-6 grid-12 section_image\"><div id=\"section-gm1601fe\" class=\"section-gm1601fe gutentor-col-wrap\">\n<div id=\"section-gfe5205\" class=\"wp-block-gutentor-e6 section-gfe5205 gutentor-element gutentor-element-image\"><div class=\"gutentor-element-image-box\"><div class=\"gutentor-bg-image\"><\/div><\/div><\/div>\n<\/div><\/div>\n<\/div><\/div><\/section>\n<\/div><\/section>\n\n\n\n<section id=\"gmb0002b5\" class=\"wp-block-gutentor-m3 alignfull section-gmb0002b5 gutentor-module gutentor-container-cover has-color-bg has-custom-bg section_content_image kuva-ja-teksti\"><div class=\"grid-container\">\n<section id=\"gm43581c1\" class=\"wp-block-gutentor-m4 alignfull section-gm43581c1 gutentor-module gutentor-advanced-columns\"><div class=\"grid-container\"><div class=\"grid-row\">\n<div id=\"col-gm6b0c84\" class=\"wp-block-gutentor-m4-col col-gm6b0c84 gutentor-single-column  grid-lg-6 grid-md-6 grid-12 section_image\"><div id=\"section-gm6b0c84\" class=\"section-gm6b0c84 gutentor-col-wrap\">\n<div id=\"section-ge2cc2c\" class=\"wp-block-gutentor-e6 section-ge2cc2c gutentor-element gutentor-element-image text-align-center-desktop\"><div class=\"gutentor-element-image-box\"><div class=\"gutentor-bg-image\"><\/div><\/div><\/div>\n<\/div><\/div>\n\n\n\n<div id=\"col-gmfc9a5f\" class=\"wp-block-gutentor-m4-col col-gmfc9a5f gutentor-single-column  grid-lg-6 grid-md-6 grid-12 content_right_side\"><div id=\"section-gmfc9a5f\" class=\"section-gmfc9a5f gutentor-col-wrap\">\n<div id=\"section-g7b1bf5\" class=\"wp-block-gutentor-e1 section-g7b1bf5 gutentor-element gutentor-element-advanced-text\"><div class=\"gutentor-text-wrap\"><h2 class=\"gutentor-text\">Kompetensm\u00e5l<\/h2><\/div><\/div>\n\n\n\n<div id=\"section-gf7308c\" class=\"wp-block-gutentor-e1 section-gf7308c gutentor-element gutentor-element-advanced-text\"><div class=\"gutentor-text-wrap\"><p class=\"gutentor-text\">Kompetensen grundar sig p\u00e5 yrkesm\u00e4ssig inneh\u00e5llskompetens, god ledarf\u00f6rm\u00e5ga samt kontinuerlig utveckling av yrkesskickligheten. Av brandchefen kr\u00e4vs ocks\u00e5 att hen beh\u00e4rskar interaktionsf\u00e4rdigheter: ett gott arbetsklimat och en god arbetsmotivation hos arbetsskiftets personal utg\u00f6r grunden f\u00f6r kompetensutvecklingen.<\/p><\/div><\/div>\n<\/div><\/div>\n<\/div><\/div><\/section>\n<\/div><\/section>\n\n\n\n<section id=\"gm311181f\" class=\"wp-block-gutentor-m3 alignfull section-gm311181f gutentor-module gutentor-container-cover has-color-bg has-custom-bg\"><div class=\"grid-container gutentor-rm-ct-space-d gutentor-rm-ct-space-t gutentor-rm-ct-space\">\n<section id=\"gm3eb2628\" class=\"wp-block-gutentor-m4 section-gm3eb2628 gutentor-module gutentor-advanced-columns\"><div class=\"grid-container\"><div class=\"grid-row\">\n<div id=\"col-gmc4aac9\" class=\"wp-block-gutentor-m4-col col-gmc4aac9 gutentor-single-column  grid-lg-12 grid-md-12 grid-12\"><div id=\"section-gmc4aac9\" class=\"section-gmc4aac9 gutentor-col-wrap\">\n<div id=\"section-g87b975\" class=\"wp-block-gutentor-e1 section-g87b975 gutentor-element gutentor-element-advanced-text\"><div class=\"gutentor-text-wrap\"><h2 class=\"gutentor-text\">Framg\u00e5ng i underbef\u00e4lsuppgifter<\/h2><\/div><\/div>\n\n\n\n<div id=\"section-g52ab52\" class=\"wp-block-gutentor-e0 section-g52ab52 gutentor-element gutentor-element-advanced-text\"><div class=\"gutentor-text-wrap\"><p class=\"gutentor-text\">Framg\u00e5ng i underbef\u00e4lsuppgifter f\u00f6ruts\u00e4tter social f\u00f6rm\u00e5ga, f\u00f6rm\u00e5ga att arbeta i team och t\u00e5la konflikter, stresst\u00e5lighet, logiskt t\u00e4nkande, probleml\u00f6sningsf\u00f6rm\u00e5ga samt verkst\u00e4llighetsf\u00f6rm\u00e5ga under press i olika olycksmilj\u00f6er.<\/p><\/div><\/div>\n<\/div><\/div>\n<\/div><\/div><\/section>\n<\/div><\/section>\n\n\n\n<section id=\"gm10406bd\" class=\"wp-block-gutentor-m3 alignfull section-gm10406bd gutentor-module gutentor-container-cover has-color-bg has-custom-bg teksti-valkea\"><div class=\"grid-container\">\n<section id=\"gm81dd61b\" class=\"wp-block-gutentor-m4 section-gm81dd61b gutentor-module gutentor-advanced-columns\"><div class=\"grid-container\"><div class=\"grid-row\">\n<div id=\"col-gm131d60\" class=\"wp-block-gutentor-m4-col col-gm131d60 gutentor-single-column  grid-lg-12 grid-md-12 grid-12\"><div id=\"section-gm131d60\" class=\"section-gm131d60 gutentor-col-wrap\">\n<p><strong>\u00d6vriga sidor om underbef\u00e4lsexamen<\/strong><\/p>\n\n\n\n<div id=\"section-gc01be8\" class=\"wp-block-gutentor-e2 section-gc01be8 gutentor-element gutentor-element-button\"><span class=\"gutentor-button-wrap\"><a class=\"gutentor-button gutentor-block-button gutentor-icon-before\" href=\"\/sv\/examens\/underbefalsexamen\/\"><i class=\"gutentor-button-icon fas fa-chevron-right\"><\/i><span><strong><strong>Underbef\u00e4lsexamen<\/strong><\/strong><\/span><\/a><\/span><\/div>\n\n\n\n<div id=\"section-g0b7001\" class=\"wp-block-gutentor-e2 section-g0b7001 gutentor-element gutentor-element-button\"><span class=\"gutentor-button-wrap\"><a class=\"gutentor-button gutentor-block-button gutentor-icon-before\" href=\"\/sv\/examens\/underbefalsexamen\/urvalsgrunder\/\"><i class=\"gutentor-button-icon fas fa-chevron-right\"><\/i><span><strong><strong>Urvalsgrunder<\/strong><\/strong><\/span><\/a><\/span><\/div>\n\n\n\n<div id=\"section-g29b700\" class=\"wp-block-gutentor-e2 section-g29b700 gutentor-element gutentor-element-button\"><span class=\"gutentor-button-wrap\"><a class=\"gutentor-button gutentor-block-button gutentor-icon-before\" href=\"\/sv\/examens\/underbefalsexamen\/urvalsprov\/\"><i class=\"gutentor-button-icon fas fa-chevron-right\"><\/i><span><strong><strong>Urvalsprov<\/strong><\/strong><\/span><\/a><\/span><\/div>\n\n\n\n<div id=\"section-gb7ff01\" class=\"wp-block-gutentor-e2 section-gb7ff01 gutentor-element gutentor-element-button\"><span class=\"gutentor-button-wrap\"><a class=\"gutentor-button gutentor-block-button gutentor-icon-before\" href=\"\/sv\/examens\/konditionstest\/\"><i class=\"gutentor-button-icon fas fa-chevron-right\"><\/i><span><strong><strong>Konditionstest<\/strong><\/strong><\/span><\/a><\/span><\/div>\n<\/div><\/div>\n<\/div><\/div><\/section>\n<\/div><\/section>\n","protected":false},"excerpt":{"rendered":"","protected":false},"author":1,"featured_media":47122,"parent":61565,"menu_order":0,"comment_status":"closed","ping_status":"closed","template":"","meta":{"_acf_changed":false,"_genesis_hide_title":false,"_genesis_hide_breadcrumbs":false,"_genesis_hide_singular_image":false,"_genesis_hide_footer_widgets":false,"_genesis_custom_body_class":"","_genesis_custom_post_class":"","_genesis_layout":"","footnotes":""},"class_list":{"0":"post-61577","1":"page","2":"type-page","3":"status-publish","4":"has-post-thumbnail","6":"entry"},"acf":[],"yoast_head":"<!-- This site is optimized with the Yoast SEO plugin v27.5 - https:\/\/yoast.com\/product\/yoast-seo-wordpress\/ -->\n<title>Yrkesbeskrivning, underbef\u00e4lsexamen - R\u00e4ddningsinstitutet<\/title>\n<meta name=\"description\" content=\"En brandf\u00f6rman som arbetar i underbef\u00e4lsuppgifter vid r\u00e4ddningsverket \u00e4r chef f\u00f6r sitt arbetsskift, ledare f\u00f6r r\u00e4ddningsverksamheten, planerare av och utbildare vid utbildnings\u00f6vningar, brandinspekt\u00f6r samt upplysare och s\u00e4kerhetsutbildare.\" \/>\n<meta name=\"robots\" content=\"index, follow, max-snippet:-1, max-image-preview:large, max-video-preview:-1\" \/>\n<link rel=\"canonical\" href=\"https:\/\/www.pelastusopisto.fi\/sv\/examens\/underbefalsexamen\/underbefal\/\" \/>\n<meta property=\"og:locale\" content=\"sv_SE\" \/>\n<meta property=\"og:type\" content=\"article\" \/>\n<meta property=\"og:title\" content=\"Yrkesbeskrivning, underbef\u00e4lsexamen - R\u00e4ddningsinstitutet\" \/>\n<meta property=\"og:description\" content=\"En brandf\u00f6rman som arbetar i underbef\u00e4lsuppgifter vid r\u00e4ddningsverket \u00e4r chef f\u00f6r sitt arbetsskift, ledare f\u00f6r r\u00e4ddningsverksamheten, planerare av och utbildare vid utbildnings\u00f6vningar, brandinspekt\u00f6r samt upplysare och s\u00e4kerhetsutbildare.\" \/>\n<meta property=\"og:url\" content=\"https:\/\/www.pelastusopisto.fi\/sv\/examens\/underbefalsexamen\/underbefal\/\" \/>\n<meta property=\"og:site_name\" content=\"Pelastusopisto\" \/>\n<meta property=\"article:publisher\" content=\"https:\/\/www.facebook.com\/Pelastusopisto\/\" \/>\n<meta property=\"article:modified_time\" content=\"2024-02-23T08:11:52+00:00\" \/>\n<meta property=\"og:image\" content=\"https:\/\/www.pelastusopisto.fi\/wp-content\/uploads\/alipaallystotutkinto-3-kuva.jpg\" \/>\n\t<meta property=\"og:image:width\" content=\"900\" \/>\n\t<meta property=\"og:image:height\" content=\"600\" \/>\n\t<meta property=\"og:image:type\" content=\"image\/jpeg\" \/>\n<meta name=\"twitter:card\" content=\"summary_large_image\" \/>\n<meta name=\"twitter:site\" content=\"@Pelastusopisto\" \/>\n<meta name=\"twitter:label1\" content=\"Ber\u00e4knad l\u00e4stid\" \/>\n\t<meta name=\"twitter:data1\" content=\"2 minuter\" \/>\n<script type=\"application\/ld+json\" class=\"yoast-schema-graph\">{\"@context\":\"https:\\\/\\\/schema.org\",\"@graph\":[{\"@type\":\"WebPage\",\"@id\":\"https:\\\/\\\/www.pelastusopisto.fi\\\/sv\\\/examens\\\/underbefalsexamen\\\/underbefal\\\/\",\"url\":\"https:\\\/\\\/www.pelastusopisto.fi\\\/sv\\\/examens\\\/underbefalsexamen\\\/underbefal\\\/\",\"name\":\"Yrkesbeskrivning, underbef\u00e4lsexamen - R\u00e4ddningsinstitutet\",\"isPartOf\":{\"@id\":\"https:\\\/\\\/www.pelastusopisto.fi\\\/sv\\\/#website\"},\"primaryImageOfPage\":{\"@id\":\"https:\\\/\\\/www.pelastusopisto.fi\\\/sv\\\/examens\\\/underbefalsexamen\\\/underbefal\\\/#primaryimage\"},\"image\":{\"@id\":\"https:\\\/\\\/www.pelastusopisto.fi\\\/sv\\\/examens\\\/underbefalsexamen\\\/underbefal\\\/#primaryimage\"},\"thumbnailUrl\":\"https:\\\/\\\/www.pelastusopisto.fi\\\/wp-content\\\/uploads\\\/alipaallystotutkinto-3-kuva.jpg\",\"datePublished\":\"2022-09-21T10:25:01+00:00\",\"dateModified\":\"2024-02-23T08:11:52+00:00\",\"description\":\"En brandf\u00f6rman som arbetar i underbef\u00e4lsuppgifter vid r\u00e4ddningsverket \u00e4r chef f\u00f6r sitt arbetsskift, ledare f\u00f6r r\u00e4ddningsverksamheten, planerare av och utbildare vid utbildnings\u00f6vningar, brandinspekt\u00f6r samt upplysare och s\u00e4kerhetsutbildare.\",\"breadcrumb\":{\"@id\":\"https:\\\/\\\/www.pelastusopisto.fi\\\/sv\\\/examens\\\/underbefalsexamen\\\/underbefal\\\/#breadcrumb\"},\"inLanguage\":\"sv-SE\",\"potentialAction\":[{\"@type\":\"ReadAction\",\"target\":[\"https:\\\/\\\/www.pelastusopisto.fi\\\/sv\\\/examens\\\/underbefalsexamen\\\/underbefal\\\/\"]}]},{\"@type\":\"ImageObject\",\"inLanguage\":\"sv-SE\",\"@id\":\"https:\\\/\\\/www.pelastusopisto.fi\\\/sv\\\/examens\\\/underbefalsexamen\\\/underbefal\\\/#primaryimage\",\"url\":\"https:\\\/\\\/www.pelastusopisto.fi\\\/wp-content\\\/uploads\\\/alipaallystotutkinto-3-kuva.jpg\",\"contentUrl\":\"https:\\\/\\\/www.pelastusopisto.fi\\\/wp-content\\\/uploads\\\/alipaallystotutkinto-3-kuva.jpg\",\"width\":900,\"height\":600},{\"@type\":\"BreadcrumbList\",\"@id\":\"https:\\\/\\\/www.pelastusopisto.fi\\\/sv\\\/examens\\\/underbefalsexamen\\\/underbefal\\\/#breadcrumb\",\"itemListElement\":[{\"@type\":\"ListItem\",\"position\":1,\"name\":\"Home\",\"item\":\"https:\\\/\\\/www.pelastusopisto.fi\\\/sv\\\/\"},{\"@type\":\"ListItem\",\"position\":2,\"name\":\"Examensutbildning\",\"item\":\"https:\\\/\\\/www.pelastusopisto.fi\\\/sv\\\/examens\\\/\"},{\"@type\":\"ListItem\",\"position\":3,\"name\":\"Underbef\u00e4lsexamen\",\"item\":\"https:\\\/\\\/www.pelastusopisto.fi\\\/sv\\\/examens\\\/underbefalsexamen\\\/\"},{\"@type\":\"ListItem\",\"position\":4,\"name\":\"Yrkesbeskrivning, underbef\u00e4lsexamen\"}]},{\"@type\":\"WebSite\",\"@id\":\"https:\\\/\\\/www.pelastusopisto.fi\\\/sv\\\/#website\",\"url\":\"https:\\\/\\\/www.pelastusopisto.fi\\\/sv\\\/\",\"name\":\"Pelastusopisto\",\"description\":\"\",\"publisher\":{\"@id\":\"https:\\\/\\\/www.pelastusopisto.fi\\\/sv\\\/#organization\"},\"potentialAction\":[{\"@type\":\"SearchAction\",\"target\":{\"@type\":\"EntryPoint\",\"urlTemplate\":\"https:\\\/\\\/www.pelastusopisto.fi\\\/sv\\\/?s={search_term_string}\"},\"query-input\":{\"@type\":\"PropertyValueSpecification\",\"valueRequired\":true,\"valueName\":\"search_term_string\"}}],\"inLanguage\":\"sv-SE\"},{\"@type\":\"Organization\",\"@id\":\"https:\\\/\\\/www.pelastusopisto.fi\\\/sv\\\/#organization\",\"name\":\"Pelastusopisto\",\"url\":\"https:\\\/\\\/www.pelastusopisto.fi\\\/sv\\\/\",\"logo\":{\"@type\":\"ImageObject\",\"inLanguage\":\"sv-SE\",\"@id\":\"https:\\\/\\\/www.pelastusopisto.fi\\\/sv\\\/#\\\/schema\\\/logo\\\/image\\\/\",\"url\":\"https:\\\/\\\/www.pelastusopisto.fi\\\/wp-content\\\/uploads\\\/pelastusopisto-logo-net.png\",\"contentUrl\":\"https:\\\/\\\/www.pelastusopisto.fi\\\/wp-content\\\/uploads\\\/pelastusopisto-logo-net.png\",\"width\":387,\"height\":71,\"caption\":\"Pelastusopisto\"},\"image\":{\"@id\":\"https:\\\/\\\/www.pelastusopisto.fi\\\/sv\\\/#\\\/schema\\\/logo\\\/image\\\/\"},\"sameAs\":[\"https:\\\/\\\/www.facebook.com\\\/Pelastusopisto\\\/\",\"https:\\\/\\\/x.com\\\/Pelastusopisto\",\"https:\\\/\\\/www.instagram.com\\\/pelastusopisto\\\/\",\"https:\\\/\\\/fi.linkedin.com\\\/school\\\/pelastusopisto\\\/\",\"https:\\\/\\\/www.youtube.com\\\/channel\\\/UCQjXYneFsnDYnJtZBfr9Ajg\"]}]}<\/script>\n<!-- \/ Yoast SEO plugin. -->","yoast_head_json":{"title":"Yrkesbeskrivning, underbef\u00e4lsexamen - R\u00e4ddningsinstitutet","description":"En brandf\u00f6rman som arbetar i underbef\u00e4lsuppgifter vid r\u00e4ddningsverket \u00e4r chef f\u00f6r sitt arbetsskift, ledare f\u00f6r r\u00e4ddningsverksamheten, planerare av och utbildare vid utbildnings\u00f6vningar, brandinspekt\u00f6r samt upplysare och s\u00e4kerhetsutbildare.","robots":{"index":"index","follow":"follow","max-snippet":"max-snippet:-1","max-image-preview":"max-image-preview:large","max-video-preview":"max-video-preview:-1"},"canonical":"https:\/\/www.pelastusopisto.fi\/sv\/examens\/underbefalsexamen\/underbefal\/","og_locale":"sv_SE","og_type":"article","og_title":"Yrkesbeskrivning, underbef\u00e4lsexamen - R\u00e4ddningsinstitutet","og_description":"En brandf\u00f6rman som arbetar i underbef\u00e4lsuppgifter vid r\u00e4ddningsverket \u00e4r chef f\u00f6r sitt arbetsskift, ledare f\u00f6r r\u00e4ddningsverksamheten, planerare av och utbildare vid utbildnings\u00f6vningar, brandinspekt\u00f6r samt upplysare och s\u00e4kerhetsutbildare.","og_url":"https:\/\/www.pelastusopisto.fi\/sv\/examens\/underbefalsexamen\/underbefal\/","og_site_name":"Pelastusopisto","article_publisher":"https:\/\/www.facebook.com\/Pelastusopisto\/","article_modified_time":"2024-02-23T08:11:52+00:00","og_image":[{"width":900,"height":600,"url":"https:\/\/www.pelastusopisto.fi\/wp-content\/uploads\/alipaallystotutkinto-3-kuva.jpg","type":"image\/jpeg"}],"twitter_card":"summary_large_image","twitter_site":"@Pelastusopisto","twitter_misc":{"Ber\u00e4knad l\u00e4stid":"2 minuter"},"schema":{"@context":"https:\/\/schema.org","@graph":[{"@type":"WebPage","@id":"https:\/\/www.pelastusopisto.fi\/sv\/examens\/underbefalsexamen\/underbefal\/","url":"https:\/\/www.pelastusopisto.fi\/sv\/examens\/underbefalsexamen\/underbefal\/","name":"Yrkesbeskrivning, underbef\u00e4lsexamen - R\u00e4ddningsinstitutet","isPartOf":{"@id":"https:\/\/www.pelastusopisto.fi\/sv\/#website"},"primaryImageOfPage":{"@id":"https:\/\/www.pelastusopisto.fi\/sv\/examens\/underbefalsexamen\/underbefal\/#primaryimage"},"image":{"@id":"https:\/\/www.pelastusopisto.fi\/sv\/examens\/underbefalsexamen\/underbefal\/#primaryimage"},"thumbnailUrl":"https:\/\/www.pelastusopisto.fi\/wp-content\/uploads\/alipaallystotutkinto-3-kuva.jpg","datePublished":"2022-09-21T10:25:01+00:00","dateModified":"2024-02-23T08:11:52+00:00","description":"En brandf\u00f6rman som arbetar i underbef\u00e4lsuppgifter vid r\u00e4ddningsverket \u00e4r chef f\u00f6r sitt arbetsskift, ledare f\u00f6r r\u00e4ddningsverksamheten, planerare av och utbildare vid utbildnings\u00f6vningar, brandinspekt\u00f6r samt upplysare och s\u00e4kerhetsutbildare.","breadcrumb":{"@id":"https:\/\/www.pelastusopisto.fi\/sv\/examens\/underbefalsexamen\/underbefal\/#breadcrumb"},"inLanguage":"sv-SE","potentialAction":[{"@type":"ReadAction","target":["https:\/\/www.pelastusopisto.fi\/sv\/examens\/underbefalsexamen\/underbefal\/"]}]},{"@type":"ImageObject","inLanguage":"sv-SE","@id":"https:\/\/www.pelastusopisto.fi\/sv\/examens\/underbefalsexamen\/underbefal\/#primaryimage","url":"https:\/\/www.pelastusopisto.fi\/wp-content\/uploads\/alipaallystotutkinto-3-kuva.jpg","contentUrl":"https:\/\/www.pelastusopisto.fi\/wp-content\/uploads\/alipaallystotutkinto-3-kuva.jpg","width":900,"height":600},{"@type":"BreadcrumbList","@id":"https:\/\/www.pelastusopisto.fi\/sv\/examens\/underbefalsexamen\/underbefal\/#breadcrumb","itemListElement":[{"@type":"ListItem","position":1,"name":"Home","item":"https:\/\/www.pelastusopisto.fi\/sv\/"},{"@type":"ListItem","position":2,"name":"Examensutbildning","item":"https:\/\/www.pelastusopisto.fi\/sv\/examens\/"},{"@type":"ListItem","position":3,"name":"Underbef\u00e4lsexamen","item":"https:\/\/www.pelastusopisto.fi\/sv\/examens\/underbefalsexamen\/"},{"@type":"ListItem","position":4,"name":"Yrkesbeskrivning, underbef\u00e4lsexamen"}]},{"@type":"WebSite","@id":"https:\/\/www.pelastusopisto.fi\/sv\/#website","url":"https:\/\/www.pelastusopisto.fi\/sv\/","name":"Pelastusopisto","description":"","publisher":{"@id":"https:\/\/www.pelastusopisto.fi\/sv\/#organization"},"potentialAction":[{"@type":"SearchAction","target":{"@type":"EntryPoint","urlTemplate":"https:\/\/www.pelastusopisto.fi\/sv\/?s={search_term_string}"},"query-input":{"@type":"PropertyValueSpecification","valueRequired":true,"valueName":"search_term_string"}}],"inLanguage":"sv-SE"},{"@type":"Organization","@id":"https:\/\/www.pelastusopisto.fi\/sv\/#organization","name":"Pelastusopisto","url":"https:\/\/www.pelastusopisto.fi\/sv\/","logo":{"@type":"ImageObject","inLanguage":"sv-SE","@id":"https:\/\/www.pelastusopisto.fi\/sv\/#\/schema\/logo\/image\/","url":"https:\/\/www.pelastusopisto.fi\/wp-content\/uploads\/pelastusopisto-logo-net.png","contentUrl":"https:\/\/www.pelastusopisto.fi\/wp-content\/uploads\/pelastusopisto-logo-net.png","width":387,"height":71,"caption":"Pelastusopisto"},"image":{"@id":"https:\/\/www.pelastusopisto.fi\/sv\/#\/schema\/logo\/image\/"},"sameAs":["https:\/\/www.facebook.com\/Pelastusopisto\/","https:\/\/x.com\/Pelastusopisto","https:\/\/www.instagram.com\/pelastusopisto\/","https:\/\/fi.linkedin.com\/school\/pelastusopisto\/","https:\/\/www.youtube.com\/channel\/UCQjXYneFsnDYnJtZBfr9Ajg"]}]}},"featured_image_src":"https:\/\/www.pelastusopisto.fi\/wp-content\/uploads\/alipaallystotutkinto-3-kuva-600x400.jpg","featured_image_src_square":"https:\/\/www.pelastusopisto.fi\/wp-content\/uploads\/alipaallystotutkinto-3-kuva-600x600.jpg","_links":{"self":[{"href":"https:\/\/www.pelastusopisto.fi\/sv\/wp-json\/wp\/v2\/pages\/61577","targetHints":{"allow":["GET"]}}],"collection":[{"href":"https:\/\/www.pelastusopisto.fi\/sv\/wp-json\/wp\/v2\/pages"}],"about":[{"href":"https:\/\/www.pelastusopisto.fi\/sv\/wp-json\/wp\/v2\/types\/page"}],"author":[{"embeddable":true,"href":"https:\/\/www.pelastusopisto.fi\/sv\/wp-json\/wp\/v2\/users\/1"}],"replies":[{"embeddable":true,"href":"https:\/\/www.pelastusopisto.fi\/sv\/wp-json\/wp\/v2\/comments?post=61577"}],"version-history":[{"count":7,"href":"https:\/\/www.pelastusopisto.fi\/sv\/wp-json\/wp\/v2\/pages\/61577\/revisions"}],"predecessor-version":[{"id":69458,"href":"https:\/\/www.pelastusopisto.fi\/sv\/wp-json\/wp\/v2\/pages\/61577\/revisions\/69458"}],"up":[{"embeddable":true,"href":"https:\/\/www.pelastusopisto.fi\/sv\/wp-json\/wp\/v2\/pages\/61565"}],"wp:featuredmedia":[{"embeddable":true,"href":"https:\/\/www.pelastusopisto.fi\/sv\/wp-json\/wp\/v2\/media\/47122"}],"wp:attachment":[{"href":"https:\/\/www.pelastusopisto.fi\/sv\/wp-json\/wp\/v2\/media?parent=61577"}],"curies":[{"name":"wp","href":"https:\/\/api.w.org\/{rel}","templated":true}]}}